{"id":3137,"date":"2023-11-15T12:50:11","date_gmt":"2023-11-15T12:50:11","guid":{"rendered":"https:\/\/desenvolvimento.rbx.pt\/airhead\/?page_id=3137"},"modified":"2024-08-26T15:28:56","modified_gmt":"2024-08-26T15:28:56","slug":"politica-de-privacidade","status":"publish","type":"page","link":"https:\/\/desenvolvimento.rbx.pt\/airhead\/pt\/politica-de-privacidade\/","title":{"rendered":"Pol\u00edtica de Privacidade"},"content":{"rendered":"\t\t<div data-elementor-type=\"wp-page\" data-elementor-id=\"3137\" class=\"elementor elementor-3137\" data-elementor-post-type=\"page\">\n\t\t\t\t\t\t<section class=\"elementor-section elementor-top-section elementor-element elementor-element-1b9f8336 elementor-section-boxed elementor-section-height-default elementor-section-height-default\" data-id=\"1b9f8336\" data-element_type=\"section\" data-e-type=\"section\">\n\t\t\t\t\t\t<div class=\"elementor-container elementor-column-gap-default\">\n\t\t\t\t\t<div class=\"elementor-column elementor-col-100 elementor-top-column elementor-element elementor-element-17400fa6\" data-id=\"17400fa6\" data-element_type=\"column\" data-e-type=\"column\">\n\t\t\t<div class=\"elementor-widget-wrap elementor-element-populated\">\n\t\t\t\t\t\t<div class=\"elementor-element elementor-element-301849a1 elementor-widget elementor-widget-heading\" data-id=\"301849a1\" data-element_type=\"widget\" data-e-type=\"widget\" data-widget_type=\"heading.default\">\n\t\t\t\t\t<h2 class=\"elementor-heading-title elementor-size-default\">Suporte<\/h2>\t\t\t\t<\/div>\n\t\t\t\t<div class=\"elementor-element elementor-element-71183ccc elementor-widget elementor-widget-heading\" data-id=\"71183ccc\" data-element_type=\"widget\" data-e-type=\"widget\" data-widget_type=\"heading.default\">\n\t\t\t\t\t<h2 class=\"elementor-heading-title elementor-size-default\">Pol\u00edtica de Privacidade<\/h2>\t\t\t\t<\/div>\n\t\t\t\t<div class=\"elementor-element elementor-element-e11abe6 elementor-widget elementor-widget-text-editor\" data-id=\"e11abe6\" data-element_type=\"widget\" data-e-type=\"widget\" data-widget_type=\"text-editor.default\">\n\t\t\t\t\t\t\t\t\t<p>Com a finalidade de cumprir a nova legisla\u00e7\u00e3o sobre o novo Regulamento de Prote\u00e7\u00e3o de Dados, a aplicar no contexto das atividades de um estabelecimento, independentemente de o tratamento desses dados ocorrer dentro ou fora da Uni\u00e3o, deixamos os termos da politica de privacidade de\u00a0Air Head Europe Lda, \u00a0para com os seus clientes.<\/p><p><em>TERMOS DA POLITICA DE PRIVACIDADE<\/em><\/p><p>O tratamento dos dados pessoais processa-se de forma transparente e no estrito respeito pela reserva da vida privada, bem como pelos direitos, liberdades e garantias fundamentais, de acordo com o novo Regulamento Geral de Prote\u00e7\u00e3o de dados que revoga a Lei 67\/98, de 26 de outubro, e o artigo 35. \u00b0 da Constitui\u00e7\u00e3o da Rep\u00fablica Portuguesa.<\/p><p>Air Head Europe Lda , compromete-se destra forma a usar todos os meios tecnol\u00f3gicos de que disp\u00f5e para proteger a privacidade dos seus clientes.<\/p><p><strong><em>Termos de Utiliza\u00e7\u00e3o<\/em><\/strong><\/p><p>Na elabora\u00e7\u00e3o do s\u00edtio da Internet da Air Head Europe Lda, , foram reunidos todos os esfor\u00e7os para que as informa\u00e7\u00f5es a\u00ed constantes sejam corretas, precisas e atualizadas, n\u00e3o se garantindo, no entanto, a n\u00e3o ocorr\u00eancia de erros. Ao consultar a informa\u00e7\u00e3o disponibilizada, o utilizador aceita expressamente os termos e condi\u00e7\u00f5es a seguir descritos:<\/p><p>-Todas as Informa\u00e7\u00f5es est\u00e3o sujeitas a atualiza\u00e7\u00f5es e\/ou altera\u00e7\u00f5es sem aviso pr\u00e9vio.<\/p><p>&#8211; Air Head Europe Lda, , reserva-se o direito de rever os termos de utiliza\u00e7\u00e3o a qualquer momento e sem aviso pr\u00e9vio.<\/p><p>-O utilizador deve tomar conhecimento dos termos de utiliza\u00e7\u00e3o mais recentes, visitando regularmente esta p\u00e1gina.<\/p><p>-Em caso de lit\u00edgio o cliente pode recorrer \u00e1s entidades reguladoras, descritas na lei.<\/p><p>\u00a0<\/p><p><em>COMPROMISSO<\/em><\/p><p>A prote\u00e7\u00e3o da privacidade e dos dados pessoais \u00e9 um compromisso da Air Head Europe Lda, , com os seus clientes e colaboradores. Convidamos \u00e0 consulta da nossa pol\u00edtica de privacidade e prote\u00e7\u00e3o de dados pessoais, que integra as disposi\u00e7\u00f5es do Regulamento Geral de Prote\u00e7\u00e3o de Dados (RGPD).<\/p><p><em>DESCRI\u00c7\u00c3O<\/em><\/p><p><strong>O que s\u00e3o dados pessoais?<\/strong><\/p><p>Os dados pessoais s\u00e3o qualquer informa\u00e7\u00e3o relativa a uma pessoa singular identificada ou identific\u00e1vel, nomeadamente atrav\u00e9s do nome, do n\u00famero de identifica\u00e7\u00e3o fiscal, de um dado de localiza\u00e7\u00e3o, de um identificador eletr\u00f3nico ou outros elementos que permitam chegar \u00e0 identifica\u00e7\u00e3o dessa pessoa singular.\u00a0A informa\u00e7\u00e3o recolhida quando algu\u00e9m visita o website da Air Head Europe Lda, , \u00e9 considerada informa\u00e7\u00e3o pessoal e enquadra-se dentro do RGPD.<\/p><p><strong>Quem s\u00e3o os titulares de dados pessoais?<\/strong><\/p><p>O utilizador, pessoa singular ou coletiva, a quem os dados dizem respeito e que usufruiu dos servi\u00e7os. O utilizador ser\u00e1 a pessoa que utiliza ou explora os servi\u00e7os, podendo solicitar formas de divulga\u00e7\u00e3o, nomeadamente newsletters. Independentemente desta distin\u00e7\u00e3o, a Air Head Europe Lda, , informa que protege igualmente os dados pessoais e respeita os direitos dos seus utilizadores.\u00a0<\/p><p><strong>Quem \u00e9 o respons\u00e1vel pelo tratamento dos dados pessoais?<\/strong><\/p><p>O respons\u00e1vel pela recolha e tratamento dos seus dados pessoais ser\u00e1 a Air Head Europe Lda, , e \u00e9 nesse \u00e2mbito que decide quais os dados recolhidos, meios de tratamento e finalidades para que os dados s\u00e3o usados.<\/p><p><em>COMO TRATAMOS OS SEUS DADOS PESSOAIS<\/em><\/p><p><strong>\u2013 Consentimento<\/strong><\/p><p>Mediante consentimento expresso \u2013 por escrito ou atrav\u00e9s da valida\u00e7\u00e3o de uma op\u00e7\u00e3o \u2013 pr\u00e9vio e se esse consentimento for livre, informado, espec\u00edfico e inequ\u00edvoco. S\u00e3o exemplos, o seu consentimento para a Air Head Europe Lda, , analisar a utiliza\u00e7\u00e3o dos servi\u00e7os e fazer recomenda\u00e7\u00f5es ou enviar mensagens de divulga\u00e7\u00e3o relacionadas com o marketing da empresa (email, SMS, entre outros).<\/p><p><strong>\u2013 Execu\u00e7\u00e3o de contrato e dilig\u00eancias pr\u00e9-contratuais<\/strong><\/p><p>Quando o tratamento de dados pessoais seja necess\u00e1rio para a celebra\u00e7\u00e3o, execu\u00e7\u00e3o e gest\u00e3o do contrato celebrado com a Air Head Europe Lda, , como por exemplo a gest\u00e3o de contactos, informa\u00e7\u00f5es e pedidos, para a gest\u00e3o de fatura\u00e7\u00e3o, cobran\u00e7a e pagamentos;<\/p><p><strong>\u2013 Interesse leg\u00edtimo<\/strong><\/p><p>Quando o tratamento de dados pessoais corresponda a um interesse leg\u00edtimo da Air Head Europe Lda, , ou de terceiros. Exemplo: para respondermos a um pedido de contacto.<\/p><p><br \/><strong>Por quanto tempo tratamos os seus Dados Pessoais?<\/strong><\/p><p>Os seus dados pessoais s\u00e3o tratados pela Air Head Europe Lda, , apenas pelo per\u00edodo de tempo necess\u00e1rio para a realiza\u00e7\u00e3o da finalidade definida ou, consoante o que for aplic\u00e1vel, at\u00e9 que exer\u00e7a o seu direito de oposi\u00e7\u00e3o, direito a ser esquecido ou retire o consentimento. Depois de decorrido o respetivo per\u00edodo de conserva\u00e7\u00e3o Air Head Europe Lda, , eliminar\u00e1 os dados sempre que os mesmos n\u00e3o devam ser conservados para finalidade distinta que possa subsistir.<\/p><p><strong>Para que finalidades tratamos os seus Dados Pessoais?<\/strong><\/p><p>\u2013\u00a0Divulga\u00e7\u00e3o de a\u00e7\u00f5es \u2013 Envio de informa\u00e7\u00e3o \u00fatil, comercial, promo\u00e7\u00f5es.<br \/>\u2013 Identifica\u00e7\u00e3o (Nome)<br \/>\u2013 Contacto (E-mail \u2013 telem\u00f3vel)<br \/>\u2013 Fichas de Identifica\u00e7\u00e3o pessoal<br \/>\u2013 E-mail<\/p><p><strong>Como dados pessoais recolhidos dos formul\u00e1rios de\u00a0Air Head Europe Lda, e \u2018pedido de contacto\u2019.<\/strong><strong>\u00a0<\/strong><\/p><p>\u2013 Gest\u00e3o de contactos, informa\u00e7\u00f5es ou pedidos.<\/p><p>\u2013 Gest\u00e3o de reclama\u00e7\u00f5es.<\/p><p>\u2013 Gest\u00e3o de fatura\u00e7\u00e3o, cobran\u00e7a e pagamento<\/p><p>\u2013 Processamento de adjudica\u00e7\u00f5es e pagamentos.\u00a0<\/p><p><strong>Os dados pessoais solicitados nos formul\u00e1rios do website s\u00e3o recolhidos para os fins abaixo indicados:<\/strong><br \/>\u2013 Gest\u00e3o Contabil\u00edstica e Administrativa \u2013 Contabilidade, fatura\u00e7\u00e3o;<br \/>\u2013 Resposta a solicita\u00e7\u00f5es de pedidos de informa\u00e7\u00e3o;<br \/>\u2013 Auditoria e investiga\u00e7\u00e3o internas;<br \/>\u2013 Controlo da seguran\u00e7a da informa\u00e7\u00e3o.<\/p><p>\u2013 Estudo, elabora\u00e7\u00e3o e acompanhamento de projetos de investimento.<\/p><p>\u2013 Processamento de servi\u00e7os pedidos pelos clientes junto de entidades publicas e privadas.\u00a0<\/p><p><strong>Quais os prazos de tratamento e conserva\u00e7\u00e3o de dados pessoais?<\/strong><br \/>Air Head Europe Lda, trata e conserva os seus dados pessoais conforme as finalidades para que os mesmos s\u00e3o tratados. H\u00e1 casos em que a lei obriga ao tratamento e conserva\u00e7\u00e3o dos dados por um per\u00edodo de tempo m\u00ednimo, designadamente: por 10 anos, os dados necess\u00e1rios para informa\u00e7\u00e3o \u00e0 Autoridade Tribut\u00e1ria para efeitos contabil\u00edsticos ou fiscais.<\/p><p>Sempre que n\u00e3o exista uma obriga\u00e7\u00e3o legal espec\u00edfica, ent\u00e3o os dados ser\u00e3o tratados apenas pelo per\u00edodo necess\u00e1rio para o cumprimento das finalidades que motivaram a sua recolha e preserva\u00e7\u00e3o e sempre de acordo com a lei. Assim, Air Head Europe Lda, , vai tratar e manter os seus dados pessoais pelo per\u00edodo em que mantiver uma rela\u00e7\u00e3o contratual consigo.<\/p><p>Air Head Europe Lda, , poder\u00e1 manter outros dados pessoais por per\u00edodos superiores \u00e0 dura\u00e7\u00e3o da rela\u00e7\u00e3o contratual, seja com base no seu consentimento, seja para assegurar direitos ou deveres relacionados com os contratos estabelecidos, mas sempre pelo per\u00edodo estritamente necess\u00e1rio \u00e0 realiza\u00e7\u00e3o das respetivas finalidades e de acordo com as orienta\u00e7\u00f5es legais.<\/p><p><strong>Como recolhemos os seus dados pessoais?<\/strong><\/p><p>Recolhemos os dados pessoais mediante o seu consentimento quando adquire servi\u00e7os ou produtos de Air Head Europe Lda, . Essa recolha pode ser feita oralmente, por escrito ou atrav\u00e9s do nosso website.<\/p><p><em>Direitos de prote\u00e7\u00e3o de dados e Direitos dos clientes<\/em><\/p><p><strong>\u2013 Direito de acesso<\/strong><\/p><p>Direito a obter a confirma\u00e7\u00e3o de quais s\u00e3o os seus dados pessoais que s\u00e3o tratados e informa\u00e7\u00e3o sobre os mesmos, como por exemplo, quais as finalidades do tratamento, quais os prazos de conserva\u00e7\u00e3o, entre outros. Direito a ver\/ouvir ou obter c\u00f3pia, por exemplo das faturas ou dos acordos escritos em que \u00e9 interveniente.\u00a0<\/p><p><strong>\u2013 Direito de retifica\u00e7\u00e3o<\/strong><\/p><p>Direito de solicitar a retifica\u00e7\u00e3o dos seus dados pessoais que se encontrem inexatos ou solicitar que os dados pessoais incompletos sejam completados, como por exemplo a morada, o email, os contactos telef\u00f3nicos, ou outros.<\/p><p><strong>\u2013 Direito a conhecer o anulamento<\/strong><\/p><p>Direito de obter o anulamento dos seus dados pessoais, desde que n\u00e3o se verifiquem fundamentos v\u00e1lidos para a sua conserva\u00e7\u00e3o, como por exemplo, os casos em que\u00a0 Air Head Europe Lda, ,tem de conservar os dados por exig\u00eancia de entidades oficiais\/ Certificadoras dos programas em curso.<\/p><p><strong>\u2013 Direito \u00e0 portabilidade<\/strong><\/p><p>Direito da receber os dados que nos forneceu em formato digital de uso corrente e de leitura autom\u00e1tica ou de solicitar a transmiss\u00e3o direta dos seus dados para outra entidade que passe a ser o novo respons\u00e1vel pelos seus dados pessoais.<\/p><p><strong>\u2013 Direito a retirar o consentimento ou direito de oposi\u00e7\u00e3o<\/strong><\/p><p>Direito de se opor ou retirar o seu consentimento, a qualquer momento a um tratamento de dados, como por exemplo, no caso de tratamento de dados para fins de marketing, desde que n\u00e3o se verifiquem interesses leg\u00edtimos que prevalecem sobre os seus interesses, direitos e liberdades.<\/p><p><strong>\u2013 Direito de limita\u00e7\u00e3o<\/strong><\/p><p>Direito a solicitar a limita\u00e7\u00e3o do tratamento dos seus dados pessoais, sob a forma de:<br \/>Suspens\u00e3o do tratamento;<\/p><p>Limita\u00e7\u00e3o do \u00e2mbito do tratamento a certas categorias de dados ou finalidades de tratamento.<\/p><p>Se o site da Air Head Europe Lda, , tiver algum problema de Seguran\u00e7a, Air Head Europe Lda, , compromete-se a comunicar a ocorr\u00eancia do problema \u00e0 entidade que regula o RGPD (a Comiss\u00e3o Nacional de Prote\u00e7\u00e3o de Dados, em Portugal) at\u00e9 72 horas depois de ter conhecimento do problema e tamb\u00e9m aos seus clientes.<\/p><p><strong>\u2013 Perfil e decis\u00f5es automatizadas<\/strong><\/p><p>Air Head Europe Lda, , pode tra\u00e7ar o perfil dos clientes com base, por exemplo, nas suas prefer\u00eancias, interesses pessoais, utiliza\u00e7\u00e3o de servi\u00e7o, localiza\u00e7\u00e3o, entre outros indicadores, nomeadamente para prestar servi\u00e7os, aumentar a qualidade e a experi\u00eancia dos produtos e servi\u00e7os, adequar comunica\u00e7\u00f5es de marketing e de divulga\u00e7\u00e3o de a\u00e7\u00f5es. No entanto, esse tratamento deve estar baseado no consentimento do titular.<\/p><p><strong>\u2013 Direito a reclamar<\/strong><br \/>Direito de apresentar reclama\u00e7\u00e3o \u00e0 autoridade de controlo.<br \/>CNPD \u2013 Comiss\u00e3o Nacional de Prote\u00e7\u00e3o de Dados\u00a0<\/p><p><strong>Em que circunst\u00e2ncias existe comunica\u00e7\u00e3o dos seus dados pessoais a outras entidades ou terceiros?<\/strong><br \/>Os dados podem ser transmitidos a entidades a quem os dados tenham de ser comunicados como por exemplo a autoridade tribut\u00e1ria, entre outras relacionadas com a atividade de Air Head Europe Lda, .<\/p><p><strong>Como protegemos os seus dados pessoais?<\/strong><\/p><p>Air Head Europe Lda, , tem implementadas as medidas organizativas, inform\u00e1ticas e de seguran\u00e7a adequadas, necess\u00e1rias e suficientes para proteger os seus dados pessoais contra a destrui\u00e7\u00e3o, a perda, a altera\u00e7\u00e3o, a difus\u00e3o, e acesso n\u00e3o autorizado ou qualquer outra forma de tratamento acidental ou il\u00edcito.<\/p><p><strong>Como pode exercer os seus direitos?<\/strong><br \/>O exerc\u00edcio dos direitos \u00e9 gratuito, as informa\u00e7\u00f5es devem ser prestadas por escrito, mas, se o solicitar, podem ser prestadas oralmente. Neste caso, a resposta aos pedidos dever\u00e1 ser prestada no prazo m\u00e1ximo de 30 dias, salvo se for um pedido especialmente complexo.<\/p><p><br \/><strong>Exer\u00e7a os seus direitos atrav\u00e9s dos endere\u00e7os e contacto:<\/strong><\/p><p><strong>Tel<\/strong>.:\u00a0<a href=\"tel:351913602826\">+351 913 602 826\u00a0<\/a>\u00a0(Chamada para Rede M\u00f3vel Nacional)<\/p><p><strong>Email<\/strong>:\u00a0\u00a0<a href=\"mailto:info@airheadtoilet.eu\">info@airheadtoilet.eu<\/a><\/p><p><strong>Morada:\u00a0\u00a0<\/strong>Zona Industrial de Ulme Lote 17<br \/>\u00a0 \u00a0 \u00a0 \u00a0 \u00a0 \u00a0 \u00a0 \u00a0 \u00a02140-365 Ulme<\/p>\t\t\t\t\t\t\t\t<\/div>\n\t\t\t\t\t<\/div>\n\t\t<\/div>\n\t\t\t\t\t<\/div>\n\t\t<\/section>\n\t\t\t\t<\/div>\n\t\t","protected":false},"excerpt":{"rendered":"<p>Suporte Pol\u00edtica de Privacidade Com a finalidade de cumprir a nova legisla\u00e7\u00e3o sobre o novo Regulamento de Prote\u00e7\u00e3o de Dados, a aplicar no contexto das atividades de um estabelecimento, independentemente de o tratamento desses dados ocorrer dentro ou fora da Uni\u00e3o, deixamos os termos da politica de privacidade de\u00a0Air Head Europe Lda, \u00a0para com os [&hellip;]<\/p>\n","protected":false},"author":1,"featured_media":1528,"parent":0,"menu_order":0,"comment_status":"closed","ping_status":"closed","template":"","meta":{"footnotes":""},"class_list":["post-3137","page","type-page","status-publish","has-post-thumbnail","hentry"],"yoast_head":"<!-- This site is optimized with the Yoast SEO Premium plugin v26.7 (Yoast SEO v26.7) - https:\/\/yoast.com\/wordpress\/plugins\/seo\/ -->\n<title>Pol\u00edtica de Privacidade - Air Head Composting Toilet<\/title>\n<meta name=\"description\" content=\"O tratamento dos dados pessoais \u00e9 realizado de forma transparente e com estrito respeito pela nossa Pol\u00edtica de Privacidade\" \/>\n<meta name=\"robots\" content=\"noindex, follow, max-snippet:-1, max-image-preview:large, max-video-preview:-1\" \/>\n<meta property=\"og:locale\" content=\"en_US\" \/>\n<meta property=\"og:type\" content=\"article\" \/>\n<meta property=\"og:title\" content=\"Pol\u00edtica de Privacidade\" \/>\n<meta property=\"og:description\" content=\"O tratamento dos dados pessoais \u00e9 realizado de forma transparente e com estrito respeito pela nossa Pol\u00edtica de Privacidade\" \/>\n<meta property=\"og:url\" content=\"https:\/\/desenvolvimento.rbx.pt\/airhead\/pt\/politica-de-privacidade\/\" \/>\n<meta property=\"og:site_name\" content=\"Air Head Composting Toilet\" \/>\n<meta property=\"article:publisher\" content=\"https:\/\/www.facebook.com\/AirHeadComposting\/\" \/>\n<meta property=\"article:modified_time\" content=\"2024-08-26T15:28:56+00:00\" \/>\n<meta property=\"og:image\" content=\"https:\/\/desenvolvimento.rbx.pt\/airhead\/wp-content\/uploads\/2023\/07\/love-air.head_.composting-toilet.png\" \/>\n\t<meta property=\"og:image:width\" content=\"1200\" \/>\n\t<meta property=\"og:image:height\" content=\"675\" \/>\n\t<meta property=\"og:image:type\" content=\"image\/png\" \/>\n<meta name=\"twitter:card\" content=\"summary_large_image\" \/>\n<meta name=\"twitter:site\" content=\"@AirHeadToilet\" \/>\n<script type=\"application\/ld+json\" class=\"yoast-schema-graph\">{\"@context\":\"https:\/\/schema.org\",\"@graph\":[{\"@type\":\"WebPage\",\"@id\":\"https:\/\/desenvolvimento.rbx.pt\/airhead\/pt\/politica-de-privacidade\/\",\"url\":\"https:\/\/desenvolvimento.rbx.pt\/airhead\/pt\/politica-de-privacidade\/\",\"name\":\"Pol\u00edtica de Privacidade - Air Head Composting Toilet\",\"isPartOf\":{\"@id\":\"https:\/\/desenvolvimento.rbx.pt\/airhead\/#website\"},\"primaryImageOfPage\":{\"@id\":\"https:\/\/desenvolvimento.rbx.pt\/airhead\/pt\/politica-de-privacidade\/#primaryimage\"},\"image\":{\"@id\":\"https:\/\/desenvolvimento.rbx.pt\/airhead\/pt\/politica-de-privacidade\/#primaryimage\"},\"thumbnailUrl\":\"https:\/\/desenvolvimento.rbx.pt\/airhead\/wp-content\/uploads\/2023\/07\/love-air.head_.composting-toilet.png\",\"datePublished\":\"2023-11-15T12:50:11+00:00\",\"dateModified\":\"2024-08-26T15:28:56+00:00\",\"description\":\"O tratamento dos dados pessoais \u00e9 realizado de forma transparente e com estrito respeito pela nossa Pol\u00edtica de Privacidade\",\"breadcrumb\":{\"@id\":\"https:\/\/desenvolvimento.rbx.pt\/airhead\/pt\/politica-de-privacidade\/#breadcrumb\"},\"inLanguage\":\"en-US\",\"potentialAction\":[{\"@type\":\"ReadAction\",\"target\":[\"https:\/\/desenvolvimento.rbx.pt\/airhead\/pt\/politica-de-privacidade\/\"]}]},{\"@type\":\"ImageObject\",\"inLanguage\":\"en-US\",\"@id\":\"https:\/\/desenvolvimento.rbx.pt\/airhead\/pt\/politica-de-privacidade\/#primaryimage\",\"url\":\"https:\/\/desenvolvimento.rbx.pt\/airhead\/wp-content\/uploads\/2023\/07\/love-air.head_.composting-toilet.png\",\"contentUrl\":\"https:\/\/desenvolvimento.rbx.pt\/airhead\/wp-content\/uploads\/2023\/07\/love-air.head_.composting-toilet.png\",\"width\":1200,\"height\":675,\"caption\":\"My Lovely Air Head\"},{\"@type\":\"BreadcrumbList\",\"@id\":\"https:\/\/desenvolvimento.rbx.pt\/airhead\/pt\/politica-de-privacidade\/#breadcrumb\",\"itemListElement\":[{\"@type\":\"ListItem\",\"position\":1,\"name\":\"Home\",\"item\":\"https:\/\/desenvolvimento.rbx.pt\/airhead\/\"},{\"@type\":\"ListItem\",\"position\":2,\"name\":\"Pol\u00edtica de Privacidade\"}]},{\"@type\":\"WebSite\",\"@id\":\"https:\/\/desenvolvimento.rbx.pt\/airhead\/#website\",\"url\":\"https:\/\/desenvolvimento.rbx.pt\/airhead\/\",\"name\":\"Air Head Composting Toilet\",\"description\":\"The toughest Composting Toilet in the World\",\"publisher\":{\"@id\":\"https:\/\/desenvolvimento.rbx.pt\/airhead\/#organization\"},\"alternateName\":\"AIR Head Composting Toliet\",\"potentialAction\":[{\"@type\":\"SearchAction\",\"target\":{\"@type\":\"EntryPoint\",\"urlTemplate\":\"https:\/\/desenvolvimento.rbx.pt\/airhead\/?s={search_term_string}\"},\"query-input\":{\"@type\":\"PropertyValueSpecification\",\"valueRequired\":true,\"valueName\":\"search_term_string\"}}],\"inLanguage\":\"en-US\"},{\"@type\":\"Organization\",\"@id\":\"https:\/\/desenvolvimento.rbx.pt\/airhead\/#organization\",\"name\":\"Air Head Europe\",\"alternateName\":\"Air Head Europe\",\"url\":\"https:\/\/desenvolvimento.rbx.pt\/airhead\/\",\"logo\":{\"@type\":\"ImageObject\",\"inLanguage\":\"en-US\",\"@id\":\"https:\/\/desenvolvimento.rbx.pt\/airhead\/#\/schema\/logo\/image\/\",\"url\":\"https:\/\/desenvolvimento.rbx.pt\/airhead\/wp-content\/uploads\/2023\/05\/logo.png\",\"contentUrl\":\"https:\/\/desenvolvimento.rbx.pt\/airhead\/wp-content\/uploads\/2023\/05\/logo.png\",\"width\":350,\"height\":93,\"caption\":\"Air Head Europe\"},\"image\":{\"@id\":\"https:\/\/desenvolvimento.rbx.pt\/airhead\/#\/schema\/logo\/image\/\"},\"sameAs\":[\"https:\/\/www.facebook.com\/AirHeadComposting\/\",\"https:\/\/x.com\/AirHeadToilet\",\"https:\/\/www.instagram.com\/airheadcompostingtoilet\/\",\"https:\/\/www.youtube.com\/channel\/UCHA9AGnNCv1daAk1mq5hr0g\"]}]}<\/script>\n<!-- \/ Yoast SEO Premium plugin. -->","yoast_head_json":{"title":"Pol\u00edtica de Privacidade - Air Head Composting Toilet","description":"O tratamento dos dados pessoais \u00e9 realizado de forma transparente e com estrito respeito pela nossa Pol\u00edtica de Privacidade","robots":{"index":"noindex","follow":"follow","max-snippet":"max-snippet:-1","max-image-preview":"max-image-preview:large","max-video-preview":"max-video-preview:-1"},"og_locale":"en_US","og_type":"article","og_title":"Pol\u00edtica de Privacidade","og_description":"O tratamento dos dados pessoais \u00e9 realizado de forma transparente e com estrito respeito pela nossa Pol\u00edtica de Privacidade","og_url":"https:\/\/desenvolvimento.rbx.pt\/airhead\/pt\/politica-de-privacidade\/","og_site_name":"Air Head Composting Toilet","article_publisher":"https:\/\/www.facebook.com\/AirHeadComposting\/","article_modified_time":"2024-08-26T15:28:56+00:00","og_image":[{"width":1200,"height":675,"url":"https:\/\/desenvolvimento.rbx.pt\/airhead\/wp-content\/uploads\/2023\/07\/love-air.head_.composting-toilet.png","type":"image\/png"}],"twitter_card":"summary_large_image","twitter_site":"@AirHeadToilet","schema":{"@context":"https:\/\/schema.org","@graph":[{"@type":"WebPage","@id":"https:\/\/desenvolvimento.rbx.pt\/airhead\/pt\/politica-de-privacidade\/","url":"https:\/\/desenvolvimento.rbx.pt\/airhead\/pt\/politica-de-privacidade\/","name":"Pol\u00edtica de Privacidade - Air Head Composting Toilet","isPartOf":{"@id":"https:\/\/desenvolvimento.rbx.pt\/airhead\/#website"},"primaryImageOfPage":{"@id":"https:\/\/desenvolvimento.rbx.pt\/airhead\/pt\/politica-de-privacidade\/#primaryimage"},"image":{"@id":"https:\/\/desenvolvimento.rbx.pt\/airhead\/pt\/politica-de-privacidade\/#primaryimage"},"thumbnailUrl":"https:\/\/desenvolvimento.rbx.pt\/airhead\/wp-content\/uploads\/2023\/07\/love-air.head_.composting-toilet.png","datePublished":"2023-11-15T12:50:11+00:00","dateModified":"2024-08-26T15:28:56+00:00","description":"O tratamento dos dados pessoais \u00e9 realizado de forma transparente e com estrito respeito pela nossa Pol\u00edtica de Privacidade","breadcrumb":{"@id":"https:\/\/desenvolvimento.rbx.pt\/airhead\/pt\/politica-de-privacidade\/#breadcrumb"},"inLanguage":"en-US","potentialAction":[{"@type":"ReadAction","target":["https:\/\/desenvolvimento.rbx.pt\/airhead\/pt\/politica-de-privacidade\/"]}]},{"@type":"ImageObject","inLanguage":"en-US","@id":"https:\/\/desenvolvimento.rbx.pt\/airhead\/pt\/politica-de-privacidade\/#primaryimage","url":"https:\/\/desenvolvimento.rbx.pt\/airhead\/wp-content\/uploads\/2023\/07\/love-air.head_.composting-toilet.png","contentUrl":"https:\/\/desenvolvimento.rbx.pt\/airhead\/wp-content\/uploads\/2023\/07\/love-air.head_.composting-toilet.png","width":1200,"height":675,"caption":"My Lovely Air Head"},{"@type":"BreadcrumbList","@id":"https:\/\/desenvolvimento.rbx.pt\/airhead\/pt\/politica-de-privacidade\/#breadcrumb","itemListElement":[{"@type":"ListItem","position":1,"name":"Home","item":"https:\/\/desenvolvimento.rbx.pt\/airhead\/"},{"@type":"ListItem","position":2,"name":"Pol\u00edtica de Privacidade"}]},{"@type":"WebSite","@id":"https:\/\/desenvolvimento.rbx.pt\/airhead\/#website","url":"https:\/\/desenvolvimento.rbx.pt\/airhead\/","name":"Air Head Composting Toilet","description":"The toughest Composting Toilet in the World","publisher":{"@id":"https:\/\/desenvolvimento.rbx.pt\/airhead\/#organization"},"alternateName":"AIR Head Composting Toliet","potentialAction":[{"@type":"SearchAction","target":{"@type":"EntryPoint","urlTemplate":"https:\/\/desenvolvimento.rbx.pt\/airhead\/?s={search_term_string}"},"query-input":{"@type":"PropertyValueSpecification","valueRequired":true,"valueName":"search_term_string"}}],"inLanguage":"en-US"},{"@type":"Organization","@id":"https:\/\/desenvolvimento.rbx.pt\/airhead\/#organization","name":"Air Head Europe","alternateName":"Air Head Europe","url":"https:\/\/desenvolvimento.rbx.pt\/airhead\/","logo":{"@type":"ImageObject","inLanguage":"en-US","@id":"https:\/\/desenvolvimento.rbx.pt\/airhead\/#\/schema\/logo\/image\/","url":"https:\/\/desenvolvimento.rbx.pt\/airhead\/wp-content\/uploads\/2023\/05\/logo.png","contentUrl":"https:\/\/desenvolvimento.rbx.pt\/airhead\/wp-content\/uploads\/2023\/05\/logo.png","width":350,"height":93,"caption":"Air Head Europe"},"image":{"@id":"https:\/\/desenvolvimento.rbx.pt\/airhead\/#\/schema\/logo\/image\/"},"sameAs":["https:\/\/www.facebook.com\/AirHeadComposting\/","https:\/\/x.com\/AirHeadToilet","https:\/\/www.instagram.com\/airheadcompostingtoilet\/","https:\/\/www.youtube.com\/channel\/UCHA9AGnNCv1daAk1mq5hr0g"]}]}},"lang":"pt","translations":{"pt":3137,"nl":835,"en":390,"fr":2037,"es":4612},"pll_sync_post":[],"_links":{"self":[{"href":"https:\/\/desenvolvimento.rbx.pt\/airhead\/wp-json\/wp\/v2\/pages\/3137","targetHints":{"allow":["GET"]}}],"collection":[{"href":"https:\/\/desenvolvimento.rbx.pt\/airhead\/wp-json\/wp\/v2\/pages"}],"about":[{"href":"https:\/\/desenvolvimento.rbx.pt\/airhead\/wp-json\/wp\/v2\/types\/page"}],"author":[{"embeddable":true,"href":"https:\/\/desenvolvimento.rbx.pt\/airhead\/wp-json\/wp\/v2\/users\/1"}],"replies":[{"embeddable":true,"href":"https:\/\/desenvolvimento.rbx.pt\/airhead\/wp-json\/wp\/v2\/comments?post=3137"}],"version-history":[{"count":0,"href":"https:\/\/desenvolvimento.rbx.pt\/airhead\/wp-json\/wp\/v2\/pages\/3137\/revisions"}],"wp:featuredmedia":[{"embeddable":true,"href":"https:\/\/desenvolvimento.rbx.pt\/airhead\/wp-json\/wp\/v2\/media\/1528"}],"wp:attachment":[{"href":"https:\/\/desenvolvimento.rbx.pt\/airhead\/wp-json\/wp\/v2\/media?parent=3137"}],"curies":[{"name":"wp","href":"https:\/\/api.w.org\/{rel}","templated":true}]}}